{"id":13,"date":"2014-07-04T10:46:52","date_gmt":"2014-07-04T07:46:52","guid":{"rendered":"http:\/\/apubb.ro\/bistrita\/?page_id=13"},"modified":"2026-04-21T14:17:14","modified_gmt":"2026-04-21T11:17:14","slug":"admitere","status":"publish","type":"page","link":"https:\/\/apubb.ro\/bistrita\/admitere\/","title":{"rendered":"Admitere LICEN\u021a\u0102 &#8211; IULIE 2026"},"content":{"rendered":"<h1 style=\"text-align: center;\"><span style=\"color: #003366;\"><strong><em>NIVEL LICEN\u021a\u0102 \u00a0<\/em><\/strong><\/span><\/h1>\n<h1 style=\"text-align: center;\"><span style=\"color: #003366;\"><strong><em>(\u00cenv\u0103\u021b\u0103m\u00e2nt cu frecven\u021b\u0103 \u0219i \u00cenv\u0103\u021b\u0103m\u00e2nt la distan\u021b\u0103)<\/em><\/strong><\/span><\/h1>\n<p>\u00a0<\/p>\n<p style=\"padding-left: 30px;\"><strong>Specializarea: <a href=\"https:\/\/amp.fspac.ubbcluj.ro\/departament\/\" target=\"_blank\" rel=\"noopener noreferrer\">Administra\u021bie Public\u0103<\/a><\/strong><\/p>\n<p style=\"padding-left: 30px;\"><strong>Domeniul: \u0218tiin\u021be Administrative<\/strong><\/p>\n<p style=\"padding-left: 30px;\"><strong>Durata studiilor: <\/strong>6 semestre (3 ani)<\/p>\n<p style=\"padding-left: 30px;\"><strong>Limba de predare: <\/strong>rom\u00e2n\u0103<\/p>\n<p style=\"padding-left: 30px;\"><strong>Tax\u0103 de \u00eenscriere (90) + procesare (60):<\/strong> 90 RON + 60 RON<\/p>\n<ul>\n<li><strong><span style=\"color: #ff0000;\">S\u0102 V\u0102 ASIGURA\u021aI C\u0102 SELECTA\u021aI 150 DE RON CAND PLATITI PE SITE!<\/span><\/strong><\/li>\n<\/ul>\n<p style=\"padding-left: 30px;\"><strong>Tax\u0103 de \u0219colarizare<\/strong>: 5700 RON (Zi) \/ 4900 RON (ID)<\/p>\n<p><em><strong>De ce s\u0103 te \u00eenscrii la noi?<\/strong><\/em><\/p>\n<ul>\n<li><strong>Burse de <\/strong><strong>Merit, P<\/strong><strong>erforman\u021b\u0103, <\/strong><strong>Sociale, Medicale<\/strong><\/li>\n<li><strong>Programe de voluntariat<\/strong><\/li>\n<li><strong>Locuri disponibile \u00een c\u0103min (\u00een func\u021bie de medie \u0219i num\u0103r de cereri)<\/strong><\/li>\n<li><strong>Activit\u0103\u021bi extra-curriculare<\/strong><\/li>\n<\/ul>\n<p><strong><span style=\"color: #ff0000;\">ATEN\u021aIE<\/span><\/strong><\/p>\n<p>Admiterea are loc\u00a0<strong>exclusiv<\/strong>\u00a0online. Asta \u00eenseamn\u0103 c\u0103 toate etapele admiterii au loc online, de la depunerea dosarului \u0219i p\u00e2n\u0103 la confirmarea acestuia. Tot ce trebuie s\u0103 faci este s\u0103 accesezi platforma de admitere:<\/p>\n<ul>\n<li><a href=\"https:\/\/admitere.ubbcluj.ro\">https:\/\/admitere.ubbcluj.ro<\/a><\/li>\n<\/ul>\n<p style=\"padding-left: 30px;\">_______________________________________<\/p>\n<h2 style=\"padding-left: 30px;\"><span style=\"color: #003366;\"><strong>Lo<\/strong><strong>curi Disponibile<\/strong><\/span><\/h2>\n<table style=\"height: 245px;\" width=\"936\">\n<tbody>\n<tr>\n<td colspan=\"3\" width=\"449\">\n<p style=\"text-align: center;\"><strong>\u00cenv\u0103\u0163\u0103m\u00e2nt cu frecven\u021b\u0103<\/strong><\/p>\n<p style=\"text-align: center;\"><strong>(100, din care r\u0103m\u0103se pentru sesiunea Septembrie 2025)<\/strong><\/p>\n<\/td>\n<td style=\"text-align: center;\" width=\"181\"><strong>\u00cenv\u0103\u0163\u0103m\u00e2nt la distan\u0163\u0103 (75, din care)<\/strong><\/td>\n<\/tr>\n<tr>\n<td style=\"text-align: center;\" width=\"128\"><strong>BUGET<\/strong><\/td>\n<td style=\"text-align: center;\" width=\"192\"><strong>Tax\u0103<\/strong><\/td>\n<td style=\"text-align: center;\" width=\"128\"><strong>Etnici cu burs\u0103<\/strong><\/td>\n<td style=\"text-align: center;\" width=\"181\"><strong>Tax\u0103<\/strong><\/td>\n<\/tr>\n<tr>\n<td style=\"text-align: center;\" width=\"128\">o s\u0103 fie afi\u0219ate<\/td>\n<td style=\"text-align: center;\" width=\"192\">\u00a0o s\u0103 fie afi\u0219ate<\/td>\n<td style=\"text-align: center;\" width=\"128\">\u00a0o s\u0103 fie afi\u0219ate<\/td>\n<td width=\"181\">\n<p style=\"text-align: center;\"><strong>\u00a0o s\u0103 fie afi\u0219ate**<\/strong><\/p>\n<p>\u00a0<\/p>\n<\/td>\n<\/tr>\n<\/tbody>\n<\/table>\n<p>* &#8211; Locurile la buget, respectiv tax\u0103, le primim la final de lun\u0103 mai, \u00eenceput de lun\u0103 iunie.<\/p>\n<p>**- pentru studen\u021bii de la ID se ofer\u0103 burse de studiu \u00een func\u021bie de medii<\/p>\n<p>______________________________________________<\/p>\n<p>\u00a0<\/p>\n<h2><span style=\"color: #003366;\"><strong>CALENDARUL ADMITERII<\/strong><\/span><\/h2>\n<div id=\"cl_text_62bc734b158e3\" class=\"cl-text cl-element \" data-delay=\"none\" data-speed=\"400\">\n<ul>\n<li>I\u0302nscrierea candidat\u0326ilor:\u00a0<strong>13 \u2013 18 iulie (p\u00e2na\u0306 la ora 24:00) <\/strong><i><strong>(Online &#8211;<a href=\"https:\/\/admitere.ubbcluj.ro\">\u00a0https:\/\/admitere.ubbcluj.ro<\/a>)<\/strong><\/i><\/li>\n<li>\n<p class=\"p1\">Rezultate prob\u0103:\u00a0<strong>19 iulie<\/strong><\/p>\n<\/li>\n<li>\n<p class=\"p1\">\u00a0<\/p>\n<p class=\"p1\">Contesta\u021bii la prob\u0103:\u00a0<strong>19-20 iulie<\/strong><\/p>\n<\/li>\n<li>\n<p class=\"p1\">\u00a0<\/p>\n<p class=\"p1\">Observat\u0326ii, erori, omisiuni:\u00a0<strong>21 iulie<\/strong><\/p>\n<\/li>\n<li>\n<p class=\"p1\">\u00a0<\/p>\n<p class=\"p1\">Rezultate init\u0326iale:\u00a0<strong>21 iulie<\/strong><\/p>\n<\/li>\n<li>\n<p class=\"p1\">\u00a0<\/p>\n<p class=\"p1\">Confirmarea ocupa\u0306rii locului:\u00a0<strong>22 &#8211; 24 iulie (p\u00e2na\u0306 la ora 24:00)<\/strong><\/p>\n<\/li>\n<li>\n<p class=\"p1\">\u00a0<\/p>\n<p class=\"p1\">Depunerea cererilor de redistribuire pentru candidat\u0326ii \u201ei\u0302n as\u0326teptare\u201d:\u00a0<strong>22 \u2013 24 iulie<\/strong><\/p>\n<\/li>\n<li>\n<p class=\"p1\">\u00a0<\/p>\n<p class=\"p1\">Rezultate dupa\u0306 redistribuiri:\u00a0<strong>26 iulie<\/strong><\/p>\n<\/li>\n<li>\n<p class=\"p1\">\u00a0<\/p>\n<p class=\"p1\">Confirmarea ocupa\u0306rii locului dupa\u0306 redistribuire:\u00a0<strong>27 \u2013 28 iulie<\/strong><\/p>\n<\/li>\n<li>\n<p class=\"p1\">\u00a0<\/p>\n<p class=\"p1\">Rezultate finale:\u00a0<strong>30 iulie<\/strong><\/p>\n<\/li>\n<li class=\"p1\">\u00a0<\/li>\n<\/ul>\n<p><strong>*Voluntarii no\u0219tri v\u0103 a\u0219teapt\u0103 zilnic \u00eentre 9.00 \u0219i 15.00 la sediul extensiei dac\u0103 ave\u021bi nevoie de ajutor, sfaturi sau \u00eendrumare.<\/strong><\/p>\n<p>\u00a0<\/p>\n<\/div>\n<p><strong style=\"color: #003366;\">CRITERII DE ADMITERE<\/strong><\/p>\n<p style=\"text-align: justify;\"><strong><em>\u00a0 \u00a0 \u00a0 \u00a0<\/em><\/strong><strong>Absolven\u021bi\u00a0de liceu<\/strong> (indiferent de promo\u021bie):<\/p>\n<ul>\n<li><strong>Examen de admitere pe baza unei scrisori de motiva\u021bie care se depune la \u00eenscriere, notat cu calificativul <em>Admis<\/em>\/<em>Respins<\/em>.<\/strong><\/li>\n<li><strong>Media examenului de bacalaureat- cu pondere de 100%<\/strong><\/li>\n<\/ul>\n<p style=\"text-align: justify;\"><em>\u00a0 \u00a0\u00a0<\/em><strong><em>ATEN\u021aIE<\/em><\/strong><em>! Licen\u021bia\u021bii\u00a0care concureaz\u0103 pentru locuri bugetate (adic\u0103 prima facultate a fost \u00een regim cu tax\u0103) vor fi admi\u0219i\u00a0pe baza criteriilor de admitere pentru absolven\u021bii\u00a0de liceu (caz \u00een care li se va lua \u00een calcul media de la examenul de bacalaureat).<\/em><\/p>\n<p>\u00a0<\/p>\n<p><strong>\u00a0<span style=\"color: #003366;\">CRITERII DE DEPARTAJARE<\/span><\/strong><\/p>\n<p style=\"padding-left: 60px; text-align: justify;\">a) Nota ob\u021binut\u0103 la disciplina Limba \u0219i literatura rom\u00e2n\u0103 \u2013 proba scris\u0103 de la examenul de bacalaureat<\/p>\n<p style=\"padding-left: 60px; text-align: justify;\">b) Cea mai mare not\u0103 la o prob\u0103 scris\u0103 de la examenul de bacalaureat, excep\u021bie limba \u015fi literatura rom\u00e2n<\/p>\n<p style=\"padding-left: 60px; text-align: justify;\">c) A doua cea mai mare not\u0103 la o prob\u0103 scris\u0103 de la examenul de bacalaureat, excep\u021bie limba \u015fi literatura rom\u00e2n\u0103<\/p>\n<p style=\"padding-left: 60px; text-align: justify;\">d) Test de departajare (\u00een situa\u021bii excep\u021bionale, dac\u0103 pe baza criteriilor mai sus men\u021bionate nu s-a putut realiza departajarea)<\/p>\n<p style=\"padding-left: 30px;\">_______________________________________________<\/p>\n<h2><span style=\"color: #003366;\">Descrierea programului de studii<\/span><\/h2>\n<p style=\"text-align: justify;\">Administra\u021bia Public\u0103 este un domeniu interdisciplinar, care ofer\u0103 studen\u021bilor oportunitatea de a \u00eembun\u0103t\u0103\u021bi felul \u00een care func\u021bioneaz\u0103 comunit\u0103\u021bile \u00een care tr\u0103iesc. Absolven\u021bii no\u0219tri vor avea posibilitatea de a se angaja \u0219i de a-\u0219i pune \u00een aplicare competen\u021bele dob\u00e2ndite at\u00e2t \u00een institu\u021biile administra\u021biei centrale \u0219i locale (Guvern, Parlament, Pre\u0219edin\u021bie, Prefecturi, Prim\u0103rii, agen\u021bii guvernamentale) c\u00e2t \u0219i \u00een institu\u021bii ale Uniunii Europene, organiza\u021bii non-guvernamentale \u0219i firme private.<\/p>\n<p style=\"text-align: justify;\">Programul acreditat pe care \u00eel oferim,\u00a0<a style=\"color: #f7941e;\" href=\"http:\/\/chestionar.uefiscdi.ro\/docs\/programe_de_studii.pdf\" target=\"_blank\" rel=\"noopener noreferrer\">cel mai bun din Rom\u00e2nia<\/a>, se afl\u0103 la intersec\u021bia mai multor domenii de studiu (management, resurse umane, sociologie, drept, economie, urbanism, protec\u021bia mediului, \u0219tiin\u021be politice). Structura cursurilor \u0219i metodele de predare sunt inspirate din experien\u021ba profesorilor no\u0219tri \u00een importante universit\u0103\u021bi americane \u0219i europene. Accentul nu se pune pe memorarea unor cursuri ci pe \u00een\u021belegerea conceptelor de baz\u0103, implicare \u00een dezbatere, munc\u0103 individual\u0103 sau \u00een echip\u0103, dezvoltarea unor capacit\u0103\u021bi de analiz\u0103 \u0219i sintez\u0103. Ve\u021bi urma cursuri ca: Teorii organiza\u021bionale, Bazele economiei de pia\u021b\u0103, Managementul conflictelor \u0219i tehnici de negociere, Sisteme administrative comparate, Management public, Marketing public, Sistem constitu\u021bional \u0219i institu\u021bii politice, Managementul proiectelor, Managementul ONG-urilor.<\/p>\n<p style=\"text-align: justify;\">Admiterea se face pe baz\u0103 de concurs de dosare, \u021bin\u00e2ndu-se cont de media anilor de liceu \u0219i de media de la examenul de Bacalaureat. V\u0103 oferim at\u00e2t locuri bugetate c\u00e2t \u0219i cu tax\u0103; la sf\u00e2r\u0219itul fiec\u0103rui an, studen\u021bii cu mediile cele mai mari vor ocupa locurile bugetate (chiar dac\u0103 au fost admi\u0219i ini\u021bial pe un loc cu tax\u0103).<\/p>\n<p>_________________________________________________<\/p>\n<p>\u00a0<\/p>\n<h2 style=\"font-weight: bold; color: #000000;\"><span style=\"color: #003366;\">ACTE NECESARE \u00ceNSCRIERE LICEN\u021a\u0102<\/span><\/h2>\n<div class=\"cl-element wrapper-heading \">\n<h2 id=\"cl_custom_heading_60e7fb02d2e262-27841310\" class=\"cl-custom-heading cl-element custom_font h2\" data-delay=\"none\" data-speed=\"400\"><b>DOCUMENTE SCANATE <\/b>necesare pentru \u00eenscrierea la nivel licen\u021b\u0103<\/h2>\n<\/div>\n<div id=\"cl_text_60e7fb02d2edc\" class=\"cl-text cl-element \" data-delay=\"none\" data-speed=\"400\">\n<ol>\n<li>Fi\u0219\u0103\/formular tip de \u00eenscriere semnat pe toate paginile (disponibil pentru completare, semnare s\u0326i desca\u0306rcare automat din platforma de i\u0302nscriere)<\/li>\n<li>Diplom\u0103 de bacalaureat \u0219i Foaia matricol\u0103 (pentru diplomele care au fost eliberate \u00eempreun\u0103 cu foaie matricola\u0306) sau diploma\u0306 echivalenta\u0306 acesteia;<\/li>\n<li>Certificatul de na\u0219tere<\/li>\n<li>Scrisoare de motiva\u021bie (se descarc\u0103 de pe site \u0219i se respect\u0103 formatul propus \u00een model &#8211; <a href=\"https:\/\/apubb.ro\/bistrita\/wp-content\/uploads\/2026\/04\/Scrisoare_de_motivatie_2026_RO.docx\">Scrisoare_de_motivatie_2026_RO<\/a>)<\/li>\n<li>Carte de identitate sau pa\u0219aport, dup\u0103 caz;<\/li>\n<li>Adeverin\u021b\u0103 medical\u0103 tip (se men\u021bioneaz\u0103 \u201eapt pentru urmarea unui ciclu de studii superioare\u201d)<\/li>\n<li>Dovada achit\u0103rii taxei de admitere \u0219i procesare (se achit\u0103 online <strong>100 Ron<\/strong>, pe platforma de admitere)<\/li>\n<\/ol>\n<\/div>\n<p><strong><span style=\"color: #ff0000;\">ATEN\u021aIE<\/span><\/strong><\/p>\n<p><strong><span style=\"color: #ff0000;\">\u00a0\u00ceNSCRIERE PE SITE-UL: <a href=\"https:\/\/admitere.ubbcluj.ro\">https:\/\/admitere.ubbcluj.ro<\/a><\/span><\/strong><\/p>\n<table id=\"dalt-table-303\" class=\"dalt-table\" data-enable-sorting=\"0\" data-enable-manual-sorting=\"0\" data-show-position=\"0\" data-position-side=\"left\" data-position-label=\"#\" data-number-format=\"0\" data-order-desc-asc-1=\"0\" data-order-by-1=\"1\" data-order-data-type-1=\"auto\" data-order-date-format-1=\"ddmmyyyy\" data-order-desc-asc-2=\"0\" data-order-by-2=\"1\" data-order-data-type-2=\"auto\" data-order-date-format-2=\"ddmmyyyy\" data-order-desc-asc-3=\"0\" data-order-by-3=\"1\" data-order-data-type-3=\"auto\" data-order-date-format-3=\"ddmmyyyy\" data-order-desc-asc-4=\"0\" data-order-by-4=\"1\" data-order-data-type-4=\"auto\" data-order-date-format-4=\"ddmmyyyy\" data-order-desc-asc-5=\"0\" data-order-by-5=\"1\" data-order-data-type-5=\"auto\" data-order-date-format-5=\"ddmmyyyy\" data-table-layout=\"0\" data-table-width=\"0\" data-table-width-value=\"400\" data-table-minimum-width=\"0\" data-table-margin-top=\"20\" data-table-margin-bottom=\"20\" data-enable-container=\"0\" data-container-width=\"400\" data-container-height=\"400\" data-show-header=\"1\" data-header-font-size=\"14\" data-header-font-family=\"'Open Sans', Helvetica, Arial, sans-serif\" data-header-font-weight=\"400\" data-header-font-style=\"normal\" data-header-background-color=\"#C3512F\" data-header-font-color=\"#FFFFFF\" data-header-link-color=\"#FFFFFF\" data-header-border-color=\"#B34A2A\" data-header-position-alignment=\"center\" data-body-font-size=\"14\" data-body-font-family=\"'Open Sans', Helvetica, Arial, sans-serif\" data-body-font-weight=\"400\" data-body-font-style=\"normal\" data-even-rows-background-color=\"#FFFFFF\" data-odd-rows-background-color=\"#FCFCFC\" data-even-rows-font-color=\"#666666\" data-even-rows-link-color=\"#C3512F\" data-odd-rows-font-color=\"#666666\" data-odd-rows-link-color=\"#C3512F\" data-rows-border-color=\"#E1E1E1\" data-caption-show-caption=\"1\" data-caption-caption-side=\"1\" data-caption-text-align=\"2\" data-caption-font-size=\"11\" data-caption-font-family=\"'Open Sans', Helvetica, Arial, sans-serif\" data-caption-font-weight=\"400\" data-caption-font-style=\"normal\" data-caption-font-color=\"#666666\" data-autocolors-priority=\"rows\" data-autocolors-affected-rows-1=\"\" data-autocolors-rows-background-color-1=\"#FFFFFF\" data-autocolors-rows-font-color-1=\"#666666\" data-autocolors-affected-rows-2=\"\" data-autocolors-rows-background-color-2=\"#FFFFFF\" data-autocolors-rows-font-color-2=\"#666666\" data-autocolors-affected-rows-3=\"\" data-autocolors-rows-background-color-3=\"#FFFFFF\" data-autocolors-rows-font-color-3=\"#666666\" data-autocolors-affected-rows-4=\"\" data-autocolors-rows-background-color-4=\"#FFFFFF\" data-autocolors-rows-font-color-4=\"#666666\" data-autocolors-affected-rows-5=\"\" data-autocolors-rows-background-color-5=\"#FFFFFF\" data-autocolors-rows-font-color-5=\"#666666\" data-autocolors-affected-columns-1=\"\" data-autocolors-columns-background-color-1=\"#FFFFFF\" data-autocolors-columns-font-color-1=\"#666666\" data-autocolors-affected-columns-2=\"\" data-autocolors-columns-background-color-2=\"#FFFFFF\" data-autocolors-columns-font-color-2=\"#666666\" data-autocolors-affected-columns-3=\"\" data-autocolors-columns-background-color-3=\"#FFFFFF\" data-autocolors-columns-font-color-3=\"#666666\" data-autocolors-affected-columns-4=\"\" data-autocolors-columns-background-color-4=\"#FFFFFF\" data-autocolors-columns-font-color-4=\"#666666\" data-autocolors-affected-columns-5=\"\" data-autocolors-columns-background-color-5=\"#FFFFFF\" data-autocolors-columns-font-color-5=\"#666666\" data-autoalignment-priority=\"rows\" data-autoalignment-affected-rows-left=\"\" data-autoalignment-affected-rows-center=\"\" data-autoalignment-affected-rows-right=\"\" data-autoalignment-affected-columns-left=\"\" data-autoalignment-affected-columns-center=\"\" data-autoalignment-affected-columns-right=\"\" data-tablet-breakpoint=\"989\" data-hide-tablet-list=\"\" data-tablet-header-font-size=\"11\" data-tablet-body-font-size=\"11\" data-tablet-caption-font-size=\"11\" data-tablet-hide-images=\"0\" data-phone-breakpoint=\"479\" data-hide-phone-list=\"\" data-phone-header-font-size=\"11\" data-phone-body-font-size=\"11\" data-phone-caption-font-size=\"11\" data-phone-hide-images=\"0\" data-enable-cell-properties=\"1\">\n<thead>\n<tr>\n<th colspan=\"1\" rowspan=\"1\" data-cell-properties=\"true\" data-text-color=\"#ffffff\" data-background-color=\"#ab0634\" data-font-weight=\"400\" data-font-style=\"normal\" data-link-color=\"\" data-alignment=\"left\">Actelor de mai sus se adaug\u0103 \u0219i urm\u0103toarele (pentru situa\u021biile excep\u021bionale enumerate):<\/th>\n<\/tr>\n<\/thead>\n<tbody>\n<tr>\n<td colspan=\"1\" rowspan=\"1\" data-cell-properties=\"true\" data-text-color=\"\" data-background-color=\"\" data-font-weight=\"400\" data-font-style=\"normal\" data-link-color=\"\" data-alignment=\"left\">\u00a0<\/td>\n<\/tr>\n<tr>\n<td colspan=\"1\" rowspan=\"1\" data-cell-properties=\"true\" data-text-color=\"\" data-background-color=\"\" data-font-weight=\"400\" data-font-style=\"normal\" data-link-color=\"\" data-alignment=\"left\">\u00a0<\/td>\n<\/tr>\n<tr>\n<td colspan=\"1\" rowspan=\"1\" data-cell-properties=\"true\" data-text-color=\"\" data-background-color=\"\" data-font-weight=\"400\" data-font-style=\"normal\" data-link-color=\"\" data-alignment=\"left\">\n<ul>\n<li>Candida\u021bii care au ob\u021binut distinc\u021bii la olimpiadele \u0219colare \u0219i\/sau la concursuri interna\u021bionale sau na\u021bionale vor \u00eenc\u0103rca pe platform\u0103, odat\u0103 cu celelalte acte, diploma de olimpic;<\/li>\n<\/ul>\n<\/td>\n<\/tr>\n<tr>\n<td colspan=\"1\" rowspan=\"1\" data-cell-properties=\"true\" data-text-color=\"\" data-background-color=\"\" data-font-weight=\"400\" data-font-style=\"normal\" data-link-color=\"\" data-alignment=\"left\">\n<ul>\n<li>Candida\u021bii pe locurile speciale rezervate etniei rome vor trebui s\u0103 prezinte la \u00eenscriere o adeverin\u021b\u0103 eliberat\u0103 de c\u0103tre o organiza\u021bie legal constituit\u0103 \u0219i recunoscut\u0103 a etniei rome, care s\u0103 ateste apartenen\u021ba la aceast\u0103 etnie;<\/li>\n<\/ul>\n<\/td>\n<\/tr>\n<tr>\n<td colspan=\"1\" rowspan=\"1\" data-cell-properties=\"true\" data-text-color=\"\" data-background-color=\"\" data-font-weight=\"400\" data-font-style=\"normal\" data-link-color=\"\" data-alignment=\"left\">\n<ul>\n<li>Candida\u021bii care urmeaz\u0103, \u00een paralel, \u0219i o alt\u0103 specializare, trebuie s\u0103 prezinte o adeverin\u021b\u0103 din care s\u0103 rezulte calitatea de student;<\/li>\n<\/ul>\n<\/td>\n<\/tr>\n<tr>\n<td colspan=\"1\" rowspan=\"1\" data-cell-properties=\"true\" data-text-color=\"\" data-background-color=\"\" data-font-weight=\"400\" data-font-style=\"normal\" data-link-color=\"\" data-alignment=\"left\">\n<ul>\n<li>Candida\u021bii care beneficiaz\u0103 de scutire par\u021bial\u0103 sau total\u0103 a pl\u0103\u021bii taxei de admitere vor trebui s\u0103 aduc\u0103 acte doveditoare \u00een original: adeverin\u021be de angajat sau cadru didactic, certificate de deces ale p\u0103rin\u021bilor, adeverin\u021be eliberate de centre reziden\u021biale sau de tip familial;<\/li>\n<\/ul>\n<\/td>\n<\/tr>\n<tr>\n<td colspan=\"1\" rowspan=\"1\" data-cell-properties=\"true\" data-text-color=\"\" data-background-color=\"\" data-font-weight=\"400\" data-font-style=\"normal\" data-link-color=\"\" data-alignment=\"left\">\n<ul>\n<li>Candida\u021bii cet\u0103\u021beni din Republica Moldova vor trebui s\u0103 prezinte la \u00eenscriere pa\u0219aportul \u0219i cartea de identitate \u00een original<\/li>\n<\/ul>\n<\/td>\n<\/tr>\n<\/tbody>\n<\/table>\n<p>\u00a0<\/p>\n<p style=\"text-align: center;\">Regulamentul de admitere poate fi consultat <a href=\"https:\/\/fspac.online\/\">aici<\/a><\/p>\n<p>\u00a0<\/p>\n\n\n<p><\/p>\n","protected":false},"excerpt":{"rendered":"<p>NIVEL LICEN\u021a\u0102 \u00a0 (\u00cenv\u0103\u021b\u0103m\u00e2nt cu frecven\u021b\u0103 \u0219i \u00cenv\u0103\u021b\u0103m\u00e2nt la distan\u021b\u0103) \u00a0 Specializarea: Administra\u021bie Public\u0103 Domeniul: \u0218tiin\u021be Administrative Durata studiilor: 6 semestre (3 ani) Limba de predare: rom\u00e2n\u0103 Tax\u0103 de \u00eenscriere (90) + procesare (60): 90 RON + 60 RON S\u0102 V\u0102 ASIGURA\u021aI C\u0102 SELECTA\u021aI 150 DE RON CAND PLATITI PE SITE! Tax\u0103 de \u0219colarizare: 5700 [&hellip;]<\/p>\n","protected":false},"author":1,"featured_media":0,"parent":0,"menu_order":2,"comment_status":"closed","ping_status":"closed","template":"","meta":{"footnotes":""},"class_list":["post-13","page","type-page","status-publish","hentry"],"_links":{"self":[{"href":"https:\/\/apubb.ro\/bistrita\/wp-json\/wp\/v2\/pages\/13","targetHints":{"allow":["GET"]}}],"collection":[{"href":"https:\/\/apubb.ro\/bistrita\/wp-json\/wp\/v2\/pages"}],"about":[{"href":"https:\/\/apubb.ro\/bistrita\/wp-json\/wp\/v2\/types\/page"}],"author":[{"embeddable":true,"href":"https:\/\/apubb.ro\/bistrita\/wp-json\/wp\/v2\/users\/1"}],"replies":[{"embeddable":true,"href":"https:\/\/apubb.ro\/bistrita\/wp-json\/wp\/v2\/comments?post=13"}],"version-history":[{"count":195,"href":"https:\/\/apubb.ro\/bistrita\/wp-json\/wp\/v2\/pages\/13\/revisions"}],"predecessor-version":[{"id":2265,"href":"https:\/\/apubb.ro\/bistrita\/wp-json\/wp\/v2\/pages\/13\/revisions\/2265"}],"wp:attachment":[{"href":"https:\/\/apubb.ro\/bistrita\/wp-json\/wp\/v2\/media?parent=13"}],"curies":[{"name":"wp","href":"https:\/\/api.w.org\/{rel}","templated":true}]}}